{"id":652,"date":"2025-04-28T17:48:04","date_gmt":"2025-04-28T15:48:04","guid":{"rendered":"https:\/\/www.rosaalen-mentalcoaching.ch\/oferta-de-coaching\/"},"modified":"2025-12-25T11:39:33","modified_gmt":"2025-12-25T10:39:33","slug":"oferta-de-coaching","status":"publish","type":"page","link":"https:\/\/www.rosaalen-mentalcoaching.ch\/es\/oferta-de-coaching\/","title":{"rendered":"Coaching-Angebot"},"content":{"rendered":"<p>[et_pb_section fb_built=\u00bb1&#8243; admin_label=\u00bbHeader\u00bb _builder_version=\u00bb4.27.4&#8243; _module_preset=\u00bbdefault\u00bb use_background_color_gradient=\u00bbon\u00bb background_color_gradient_direction=\u00bb90deg\u00bb background_color_gradient_stops=\u00bbrgba(169,172,145,0.51) 42%|rgba(169,172,145,0) 76%\u00bb background_color_gradient_overlays_image=\u00bbon\u00bb background_image=\u00bbhttps:\/\/www.rosaalen-mentalcoaching.ch\/wp-content\/uploads\/2025\/04\/beautiful-pink-flower-background-scaled.jpg\u00bb min_height=\u00bb172.1px\u00bb custom_padding=\u00bb52px||72px|||\u00bb background_last_edited=\u00bbon|tablet\u00bb background_color_gradient_direction_tablet=\u00bb0deg\u00bb locked=\u00bboff\u00bb collapsed=\u00bbon\u00bb global_colors_info=\u00bb{}\u00bb][et_pb_row _builder_version=\u00bb4.20.0&#8243; _module_preset=\u00bbdefault\u00bb global_colors_info=\u00bb{}\u00bb][et_pb_column type=\u00bb4_4&#8243; _builder_version=\u00bb4.20.0&#8243; _module_preset=\u00bbdefault\u00bb global_colors_info=\u00bb{}\u00bb][et_pb_text _builder_version=\u00bb4.27.4&#8243; _module_preset=\u00bbce483efd-ac7f-4b06-b21e-76ec112bc8da\u00bb text_font=\u00bbRaleway||||||||\u00bb text_text_color=\u00bb#4f453a\u00bb text_font_size=\u00bb47px\u00bb text_line_height=\u00bb1.3em\u00bb header_text_color=\u00bb#293b45&#8243; global_colors_info=\u00bb{}\u00bb]<\/p>\n<p style=\"text-align: center;\">Coaching<\/p>\n<p>[\/et_pb_text][\/et_pb_column][\/et_pb_row][\/et_pb_section][et_pb_section fb_built=\u00bb1&#8243; _builder_version=\u00bb4.27.4&#8243; _module_preset=\u00bbdefault\u00bb background_color=\u00bb#EAE6E0&#8243; custom_margin=\u00bb0px|||||\u00bb global_colors_info=\u00bb{}\u00bb][et_pb_row column_structure=\u00bb3_5,2_5&#8243; _builder_version=\u00bb4.27.4&#8243; _module_preset=\u00bbdefault\u00bb global_colors_info=\u00bb{}\u00bb][et_pb_column type=\u00bb3_5&#8243; _builder_version=\u00bb4.27.4&#8243; _module_preset=\u00bbdefault\u00bb global_colors_info=\u00bb{}\u00bb][et_pb_text _builder_version=\u00bb4.27.4&#8243; _module_preset=\u00bbdefault\u00bb header_font=\u00bbRaleway|300|||||||\u00bb header_text_align=\u00bbcenter\u00bb header_text_color=\u00bb#4F453A\u00bb global_colors_info=\u00bb{}\u00bb]<\/p>\n<h1 style=\"text-align: left;\">C\u00f3mo te apoyo.<\/h1>\n<p>[\/et_pb_text][et_pb_text _builder_version=\u00bb4.27.4&#8243; _module_preset=\u00bbdefault\u00bb text_text_color=\u00bbgcid-heading-color\u00bb text_font_size=\u00bb16px\u00bb global_colors_info=\u00bb{%22gcid-heading-color%22:%91%22text_text_color%22%93}\u00bb]<\/p>\n<p data-start=\"177\" data-end=\"271\" class=\"\"><strong>1. Sesi\u00f3n introductoria gratuita<\/strong><br \/>En nuestra primera reuni\u00f3n, exploraremos juntos tus inquietudes y descubriremos qu\u00e9 programa se adapta mejor a ti.<br \/>Luego puedes tomarte tu tiempo para decidir, sin presiones.<\/p>\n<p data-start=\"177\" data-end=\"271\" class=\"\" style=\"text-align: left;\"><strong>2. Programa de coaching a medida<\/strong><br \/>Tu viaje de coaching sigue un proceso estructurado adaptado a tu tema y tus objetivos.<br \/>Entre sesiones, recibir\u00e1s preguntas de reflexi\u00f3n, ejercicios o impulsos para apoyar tu crecimiento.<\/p>\n<p data-start=\"177\" data-end=\"271\" class=\"\" style=\"text-align: left;\"><strong>3. Cambio que dura<\/strong><br \/>Si lo deseas, seguir\u00e9 apoy\u00e1ndote incluso despu\u00e9s de que finalice el programa, con sesiones opcionales de control o de impulso inspirador.<\/p>\n<p data-start=\"177\" data-end=\"271\" class=\"\" style=\"text-align: center;\">[\/et_pb_text][\/et_pb_column][et_pb_column type=\u00bb2_5&#8243; _builder_version=\u00bb4.27.4&#8243; _module_preset=\u00bbdefault\u00bb global_colors_info=\u00bb{}\u00bb][et_pb_image src=\u00bbhttps:\/\/www.rosaalen-mentalcoaching.ch\/wp-content\/uploads\/2025\/04\/coaching-35.png\u00bb title_text=\u00bbcoaching-35&#8243; _builder_version=\u00bb4.27.4&#8243; _module_preset=\u00bbdefault\u00bb global_colors_info=\u00bb{}\u00bb][\/et_pb_image][et_pb_button button_url=\u00bbmailto:info@rosaalen-mentalcoaching.ch\u00bb url_new_window=\u00bbon\u00bb button_text=\u00bbConsigue tu consulta inicial gratuita\u00bb button_alignment=\u00bbcenter\u00bb module_id=\u00bbkontakt-button\u00bb _builder_version=\u00bb4.27.4&#8243; _module_preset=\u00bbdefault\u00bb locked=\u00bboff\u00bb global_colors_info=\u00bb{}\u00bb][\/et_pb_button][\/et_pb_column][\/et_pb_row][\/et_pb_section][et_pb_section fb_built=\u00bb1&#8243; _builder_version=\u00bb4.27.4&#8243; _module_preset=\u00bbdefault\u00bb background_color=\u00bb#a9ac91&#8243; custom_padding=\u00bb4px|||||\u00bb global_colors_info=\u00bb{}\u00bb][et_pb_row column_structure=\u00bb1_3,2_3&#8243; _builder_version=\u00bb4.27.4&#8243; _module_preset=\u00bbdefault\u00bb global_colors_info=\u00bb{}\u00bb][et_pb_column type=\u00bb1_3&#8243; _builder_version=\u00bb4.27.4&#8243; _module_preset=\u00bbdefault\u00bb global_colors_info=\u00bb{}\u00bb][et_pb_image src=\u00bbhttps:\/\/www.rosaalen-mentalcoaching.ch\/wp-content\/uploads\/2025\/04\/beautiful-field-with-dry-flowers-scaled.jpg\u00bb title_text=\u00bbHermosa toma de un campo con flores secas sobre un fondo borroso\u00bb _builder_version=\u00bb4.27.4&#8243; _module_preset=\u00bbdefault\u00bb custom_padding=\u00bb3px|||||\u00bb global_colors_info=\u00bb{}\u00bb][\/et_pb_image][\/et_pb_column][et_pb_column type=\u00bb2_3&#8243; _builder_version=\u00bb4.27.4&#8243; _module_preset=\u00bbdefault\u00bb global_colors_info=\u00bb{}\u00bb][et_pb_text _builder_version=\u00bb4.27.4&#8243; _module_preset=\u00bbdefault\u00bb header_text_color=\u00bb#4F453A\u00bb custom_margin=\u00bb||10px|||\u00bb global_colors_info=\u00bb{}\u00bb]<\/p>\n<h1>Entrenamiento mental<\/h1>\n<p>[\/et_pb_text][et_pb_text _builder_version=\u00bb4.27.4&#8243; _module_preset=\u00bbdefault\u00bb header_text_color=\u00bb#4F453A\u00bb header_2_font=\u00bb|300|||||||\u00bb border_width_bottom=\u00bb1px\u00bb border_color_bottom=\u00bb#4F453A\u00bb global_colors_info=\u00bb{}\u00bb]<\/p>\n<h2>Desarrollar la claridad y la fuerza interior<\/h2>\n<p>[\/et_pb_text][et_pb_text _builder_version=\u00bb4.27.4&#8243; _module_preset=\u00bbdefault\u00bb text_text_color=\u00bb#4F453A\u00bb text_font_size=\u00bb16px\u00bb global_colors_info=\u00bb{}\u00bb]<\/p>\n<p data-start=\"513\" data-end=\"783\" class=\"\">El coaching mental te ayuda a ser m\u00e1s consciente de tus pensamientos, emociones y actitudes internas.<br \/>Se trata de identificar bloqueos mentales, disolver patrones limitantes y desarrollar nuevas formas de pensar y actuar que te capaciten en tu camino.<\/p>\n<p data-start=\"785\" data-end=\"832\" class=\"\"><strong>El coaching mental es ideal para personas que<\/strong><\/p>\n<ul data-start=\"833\" data-end=\"1016\">\n<li data-start=\"833\" data-end=\"887\" class=\"\">\n<p data-start=\"835\" data-end=\"887\" class=\"\">quieren configurar activamente su crecimiento personal,<\/p>\n<\/li>\n<li data-start=\"888\" data-end=\"951\" class=\"\">\n<p data-start=\"890\" data-end=\"951\" class=\"\">buscan realinearse en situaciones dif\u00edciles,<\/p>\n<\/li>\n<li data-start=\"952\" data-end=\"1016\" class=\"\">\n<p data-start=\"954\" data-end=\"1016\" class=\"\">o quieren reforzar su autoconfianza y resiliencia con intenci\u00f3n.<\/p>\n<\/li>\n<\/ul>\n<p data-start=\"1018\" data-end=\"1051\" class=\"\"><strong data-start=\"1018\" data-end=\"1049\">Objetivos del coaching mental:<\/strong><\/p>\n<ul data-start=\"1052\" data-end=\"1341\">\n<li data-start=\"1052\" data-end=\"1114\" class=\"\">\n<p data-start=\"1054\" data-end=\"1114\" class=\"\">Obtener claridad sobre tus propias necesidades, valores y objetivos<\/p>\n<\/li>\n<li data-start=\"1115\" data-end=\"1182\" class=\"\">\n<p data-start=\"1117\" data-end=\"1182\" class=\"\">Identificar y disolver los bloqueos internos y los patrones de autosabotaje<\/p>\n<\/li>\n<li data-start=\"1183\" data-end=\"1234\" class=\"\">\n<p data-start=\"1185\" data-end=\"1234\" class=\"\">Gestiona el estr\u00e9s y refuerza tu sentido de la autoeficacia<\/p>\n<\/li>\n<li data-start=\"1235\" data-end=\"1294\" class=\"\">\n<p data-start=\"1237\" data-end=\"1294\" class=\"\">Descubre nuevas perspectivas y formas de actuar<\/p>\n<\/li>\n<li data-start=\"1295\" data-end=\"1341\" class=\"\">\n<p data-start=\"1297\" data-end=\"1341\" class=\"\">Toma decisiones conscientes y ponlas en pr\u00e1ctica<\/p>\n<\/li>\n<\/ul>\n<p>[\/et_pb_text][et_pb_button button_url=\u00bbmailto:info@rosaalen-mentalcoaching.ch\u00bb url_new_window=\u00bbon\u00bb button_text=\u00bbPonte en contacto\u00bb module_id=\u00bbkontakt-button\u00bb _builder_version=\u00bb4.27.4&#8243; _module_preset=\u00bbdefault\u00bb locked=\u00bboff\u00bb global_colors_info=\u00bb{}\u00bb][\/et_pb_button][\/et_pb_column][\/et_pb_row][\/et_pb_section][et_pb_section fb_built=\u00bb1&#8243; _builder_version=\u00bb4.27.4&#8243; _module_preset=\u00bbdefault\u00bb background_color=\u00bb#eae6e0&#8243; global_colors_info=\u00bb{}\u00bb][et_pb_row column_structure=\u00bb3_5,2_5&#8243; _builder_version=\u00bb4.27.4&#8243; _module_preset=\u00bbdefault\u00bb global_colors_info=\u00bb{}\u00bb][et_pb_column type=\u00bb3_5&#8243; _builder_version=\u00bb4.27.4&#8243; _module_preset=\u00bbdefault\u00bb global_colors_info=\u00bb{}\u00bb][et_pb_text _builder_version=\u00bb4.27.4&#8243; _module_preset=\u00bbdefault\u00bb header_text_color=\u00bb#4F453A\u00bb custom_margin=\u00bb||10px|||\u00bb global_colors_info=\u00bb{}\u00bb]<\/p>\n<h1>Prevenci\u00f3n del Burnout<\/h1>\n<p>[\/et_pb_text][et_pb_text _builder_version=\u00bb4.27.4&#8243; _module_preset=\u00bbdefault\u00bb header_text_color=\u00bb#4F453A\u00bb header_2_font=\u00bb|300|||||||\u00bb border_width_bottom=\u00bb1px\u00bb border_color_bottom=\u00bb#4F453A\u00bb global_colors_info=\u00bb{}\u00bb]<\/p>\n<h2>Conserva tu energ\u00eda, antes de que sea demasiado.<\/h2>\n<p>[\/et_pb_text][et_pb_text _builder_version=\u00bb4.27.4&#8243; _module_preset=\u00bbdefault\u00bb text_text_color=\u00bb#4F453A\u00bb text_font_size=\u00bb16px\u00bb global_colors_info=\u00bb{}\u00bb]<\/p>\n<p data-start=\"326\" data-end=\"630\" class=\"\">La prevenci\u00f3n del agotamiento te ayuda a reconocer los primeros signos de sobrecarga y a desarrollar estrategias eficaces para la gesti\u00f3n del estr\u00e9s y el autocuidado.<br data-start=\"492\" data-end=\"495\">El objetivo: proteger activamente tu bienestar mental y f\u00edsico antes de que el agotamiento y el agobio se conviertan en compa\u00f1eros a largo plazo.<\/p>\n<p data-start=\"632\" data-end=\"682\" class=\"\"><strong>La prevenci\u00f3n del Burnout es ideal para las personas que<\/strong><\/p>\n<ul data-start=\"683\" data-end=\"908\">\n<li data-start=\"683\" data-end=\"749\" class=\"\">\n<p data-start=\"685\" data-end=\"749\" class=\"\">experimentar estr\u00e9s o presi\u00f3n continuos,<\/p>\n<\/li>\n<li data-start=\"750\" data-end=\"805\" class=\"\">\n<p data-start=\"752\" data-end=\"805\" class=\"\">quieren gestionar y conservar mejor su energ\u00eda,<\/p>\n<\/li>\n<li data-start=\"806\" data-end=\"908\" class=\"\">\n<p data-start=\"808\" data-end=\"908\" class=\"\">o deseas tomarte en serio los primeros signos, como la fatiga, los problemas de sue\u00f1o o el vac\u00edo interior.<\/p>\n<\/li>\n<\/ul>\n<p data-start=\"910\" data-end=\"945\" class=\"\"><strong data-start=\"910\" data-end=\"943\">Objetivos de la prevenci\u00f3n del burnout:<\/strong><\/p>\n<ul data-start=\"946\" data-end=\"1265\">\n<li data-start=\"946\" data-end=\"1000\" class=\"\">\n<p data-start=\"948\" data-end=\"1000\" class=\"\">Reconocer los signos de alerta precoz y responder con conciencia<\/p>\n<\/li>\n<li data-start=\"1001\" data-end=\"1064\" class=\"\">\n<p data-start=\"1003\" data-end=\"1064\" class=\"\">Identifica los drenadores de energ\u00eda y refuerza conscientemente tus recursos personales<\/p>\n<\/li>\n<li data-start=\"1065\" data-end=\"1120\" class=\"\">\n<p data-start=\"1067\" data-end=\"1120\" class=\"\">Establece objetivos y prioridades realistas para la vida cotidiana<\/p>\n<\/li>\n<li data-start=\"1121\" data-end=\"1178\" class=\"\">\n<p data-start=\"1123\" data-end=\"1178\" class=\"\">Percibe y respeta tus l\u00edmites, y defi\u00e9ndelos con confianza<\/p>\n<\/li>\n<li data-start=\"1179\" data-end=\"1265\" class=\"\">\n<p data-start=\"1181\" data-end=\"1265\" class=\"\">Integra la relajaci\u00f3n y la recuperaci\u00f3n en tu vida diaria de forma sostenible<\/p>\n<\/li>\n<\/ul>\n<p>[\/et_pb_text][et_pb_button button_url=\u00bbmailto:info@rosaalen-mentalcoaching.ch\u00bb url_new_window=\u00bbon\u00bb button_text=\u00bbReserva una cita de consulta\u00bb module_id=\u00bbkontakt-button\u00bb _builder_version=\u00bb4.27.4&#8243; _module_preset=\u00bbdefault\u00bb locked=\u00bboff\u00bb global_colors_info=\u00bb{}\u00bb][\/et_pb_button][\/et_pb_column][et_pb_column type=\u00bb2_5&#8243; _builder_version=\u00bb4.27.4&#8243; _module_preset=\u00bbdefault\u00bb global_colors_info=\u00bb{}\u00bb][et_pb_image src=\u00bbhttps:\/\/www.rosaalen-mentalcoaching.ch\/wp-content\/uploads\/2025\/04\/natural-background-field-spikelets-scaled.jpg\u00bb title_text=\u00bbfondo natural, campo de espiguillas.\u00bb _builder_version=\u00bb4.27.4&#8243; _module_preset=\u00bbdefault\u00bb custom_padding=\u00bb3px|||||\u00bb global_colors_info=\u00bb{}\u00bb][\/et_pb_image][\/et_pb_column][\/et_pb_row][\/et_pb_section][et_pb_section fb_built=\u00bb1&#8243; _builder_version=\u00bb4.27.4&#8243; _module_preset=\u00bbdefault\u00bb background_color=\u00bb#A9AC91&#8243; global_colors_info=\u00bb{}\u00bb][et_pb_row column_structure=\u00bb1_3,2_3&#8243; _builder_version=\u00bb4.27.4&#8243; _module_preset=\u00bbdefault\u00bb global_colors_info=\u00bb{}\u00bb][et_pb_column type=\u00bb1_3&#8243; _builder_version=\u00bb4.27.4&#8243; _module_preset=\u00bbdefault\u00bb global_colors_info=\u00bb{}\u00bb][et_pb_image src=\u00bbhttps:\/\/www.rosaalen-mentalcoaching.ch\/wp-content\/uploads\/2025\/04\/vertical-shot-flowers-with-red-yellow-petals-scaled.jpg\u00bb title_text=\u00bbToma vertical de flores con p\u00e9talos rojos y amarillos &#8211; perfecta para fondo\u00bb _builder_version=\u00bb4.27.4&#8243; _module_preset=\u00bbdefault\u00bb custom_padding=\u00bb3px|||||\u00bb global_colors_info=\u00bb{}\u00bb][\/et_pb_image][\/et_pb_column][et_pb_column type=\u00bb2_3&#8243; _builder_version=\u00bb4.27.4&#8243; _module_preset=\u00bbdefault\u00bb global_colors_info=\u00bb{}\u00bb][et_pb_text _builder_version=\u00bb4.27.4&#8243; _module_preset=\u00bbdefault\u00bb header_text_color=\u00bb#4F453A\u00bb custom_margin=\u00bb||10px|||\u00bb global_colors_info=\u00bb{}\u00bb]<\/p>\n<h1>Gesti\u00f3n del estr\u00e9s<\/h1>\n<p>[\/et_pb_text][et_pb_text _builder_version=\u00bb4.27.4&#8243; _module_preset=\u00bbdefault\u00bb header_text_color=\u00bb#4F453A\u00bb header_2_font=\u00bb|300|||||||\u00bb border_width_bottom=\u00bb1px\u00bb border_color_bottom=\u00bb#4F453A\u00bb global_colors_info=\u00bb{}\u00bb]<\/p>\n<h2>Encuentra la calma y nuevas fuerzas<\/h2>\n<p>[\/et_pb_text][et_pb_text _builder_version=\u00bb4.27.4&#8243; _module_preset=\u00bbdefault\u00bb text_text_color=\u00bb#4F453A\u00bb text_font_size=\u00bb16px\u00bb global_colors_info=\u00bb{}\u00bb]<\/p>\n<p data-start=\"314\" data-end=\"581\" class=\"\">La gesti\u00f3n del estr\u00e9s te ayuda no s\u00f3lo a afrontarlo, sino tambi\u00e9n a prevenirlo activamente y a afrontarlo conscientemente. El objetivo es reforzar tu competencia frente al estr\u00e9s y desarrollar estrategias individuales que te proporcionen un alivio duradero en tu vida cotidiana. <\/p>\n<p data-start=\"583\" data-end=\"631\" class=\"\"><strong>La gesti\u00f3n del estr\u00e9s es adecuada para las personas que<\/strong><\/p>\n<ul data-start=\"632\" data-end=\"826\">\n<li data-start=\"632\" data-end=\"684\" class=\"\">\n<p data-start=\"634\" data-end=\"684\" class=\"\">a menudo se sienten bajo presi\u00f3n o abrumados,<\/p>\n<\/li>\n<li data-start=\"685\" data-end=\"746\" class=\"\">\n<p data-start=\"687\" data-end=\"746\" class=\"\">quieres mejorar el equilibrio entre tensi\u00f3n y relajaci\u00f3n,<\/p>\n<\/li>\n<li data-start=\"747\" data-end=\"826\" class=\"\">\n<p data-start=\"749\" data-end=\"826\" class=\"\">o desean un equilibrio consciente y saludable en su vida profesional y privada.<\/p>\n<\/li>\n<\/ul>\n<p data-start=\"828\" data-end=\"862\" class=\"\"><strong data-start=\"828\" data-end=\"860\">Objetivos de la gesti\u00f3n del estr\u00e9s:<\/strong><\/p>\n<ul data-start=\"863\" data-end=\"1150\">\n<li data-start=\"863\" data-end=\"911\" class=\"\">\n<p data-start=\"865\" data-end=\"911\" class=\"\">Identificar y abordar activamente los factores de estr\u00e9s<\/p>\n<\/li>\n<li data-start=\"912\" data-end=\"959\" class=\"\">\n<p data-start=\"914\" data-end=\"959\" class=\"\">Comprender y cambiar tus propios patrones de estr\u00e9s<\/p>\n<\/li>\n<li data-start=\"960\" data-end=\"1023\" class=\"\">\n<p data-start=\"962\" data-end=\"1023\" class=\"\">Integrar las t\u00e9cnicas de relajaci\u00f3n activa en la vida cotidiana<\/p>\n<\/li>\n<li data-start=\"1024\" data-end=\"1082\" class=\"\">\n<p data-start=\"1026\" data-end=\"1082\" class=\"\">Reforzar la resiliencia personal y la fuerza interior<\/p>\n<\/li>\n<li data-start=\"1083\" data-end=\"1150\" class=\"\">\n<p data-start=\"1085\" data-end=\"1150\" class=\"\">Abrir nuevas opciones de actuaci\u00f3n ante los retos<\/p>\n<\/li>\n<\/ul>\n<p>[\/et_pb_text][et_pb_button button_url=\u00bbmailto:info@rosaalen-mentalcoaching.ch\u00bb url_new_window=\u00bbon\u00bb button_text=\u00bbConcierta una cita\u00bb module_id=\u00bbkontakt-button\u00bb _builder_version=\u00bb4.27.4&#8243; _module_preset=\u00bbdefault\u00bb locked=\u00bboff\u00bb global_colors_info=\u00bb{}\u00bb][\/et_pb_button][\/et_pb_column][\/et_pb_row][\/et_pb_section]<\/p>\n","protected":false},"excerpt":{"rendered":"<p>CoachingC\u00f3mo te apoyo.1. Sesi\u00f3n introductoria gratuitaEn nuestra primera reuni\u00f3n, exploraremos juntos tus inquietudes y descubriremos qu\u00e9 programa se adapta mejor a ti.Luego puedes tomarte tu tiempo para decidir, sin presiones. 2. Programa de coaching a medidaTu viaje de coaching sigue un proceso estructurado adaptado a tu tema y tus objetivos.Entre sesiones, recibir\u00e1s preguntas de reflexi\u00f3n, [&hellip;]<\/p>\n","protected":false},"author":2,"featured_media":0,"parent":0,"menu_order":0,"comment_status":"closed","ping_status":"closed","template":"","meta":{"_et_pb_use_builder":"on","_et_pb_old_content":"","_et_gb_content_width":"","footnotes":""},"class_list":["post-652","page","type-page","status-publish","hentry"],"yoast_head":"<!-- This site is optimized with the Yoast SEO plugin v27.4 - https:\/\/yoast.com\/product\/yoast-seo-wordpress\/ -->\n<title>Oferta de coaching - Coaching mental y prevenci\u00f3n del estr\u00e9s<\/title>\n<meta name=\"description\" content=\"Descubre nuestro programa de coaching: coaching mental, prevenci\u00f3n del agotamiento y gesti\u00f3n del estr\u00e9s. Para claridad, concentraci\u00f3n y nueva energ\u00eda.\" \/>\n<meta name=\"robots\" content=\"index, follow, max-snippet:-1, max-image-preview:large, max-video-preview:-1\" \/>\n<link rel=\"canonical\" href=\"https:\/\/www.rosaalen-mentalcoaching.ch\/es\/oferta-de-coaching\/\" \/>\n<meta property=\"og:locale\" content=\"es_ES\" \/>\n<meta property=\"og:type\" content=\"article\" \/>\n<meta property=\"og:title\" content=\"Oferta de coaching - Coaching mental y prevenci\u00f3n del estr\u00e9s\" \/>\n<meta property=\"og:description\" content=\"Descubre nuestro programa de coaching: coaching mental, prevenci\u00f3n del agotamiento y gesti\u00f3n del estr\u00e9s. Para claridad, concentraci\u00f3n y nueva energ\u00eda.\" \/>\n<meta property=\"og:url\" content=\"https:\/\/www.rosaalen-mentalcoaching.ch\/es\/oferta-de-coaching\/\" \/>\n<meta property=\"og:site_name\" content=\"Rosa Alen Mental Coaching\" \/>\n<meta property=\"article:modified_time\" content=\"2025-12-25T10:39:33+00:00\" \/>\n<meta name=\"twitter:card\" content=\"summary_large_image\" \/>\n<meta name=\"twitter:label1\" content=\"Tiempo de lectura\" \/>\n\t<meta name=\"twitter:data1\" content=\"8 minutos\" \/>\n<script type=\"application\/ld+json\" class=\"yoast-schema-graph\">{\"@context\":\"https:\\\/\\\/schema.org\",\"@graph\":[{\"@type\":\"WebPage\",\"@id\":\"https:\\\/\\\/www.rosaalen-mentalcoaching.ch\\\/es\\\/oferta-de-coaching\\\/\",\"url\":\"https:\\\/\\\/www.rosaalen-mentalcoaching.ch\\\/es\\\/oferta-de-coaching\\\/\",\"name\":\"Oferta de coaching - Coaching mental y prevenci\u00f3n del estr\u00e9s\",\"isPartOf\":{\"@id\":\"https:\\\/\\\/www.rosaalen-mentalcoaching.ch\\\/es\\\/#website\"},\"datePublished\":\"2025-04-28T15:48:04+00:00\",\"dateModified\":\"2025-12-25T10:39:33+00:00\",\"description\":\"Descubre nuestro programa de coaching: coaching mental, prevenci\u00f3n del agotamiento y gesti\u00f3n del estr\u00e9s. Para claridad, concentraci\u00f3n y nueva energ\u00eda.\",\"breadcrumb\":{\"@id\":\"https:\\\/\\\/www.rosaalen-mentalcoaching.ch\\\/es\\\/oferta-de-coaching\\\/#breadcrumb\"},\"inLanguage\":\"es\",\"potentialAction\":[{\"@type\":\"ReadAction\",\"target\":[\"https:\\\/\\\/www.rosaalen-mentalcoaching.ch\\\/es\\\/oferta-de-coaching\\\/\"]}]},{\"@type\":\"BreadcrumbList\",\"@id\":\"https:\\\/\\\/www.rosaalen-mentalcoaching.ch\\\/es\\\/oferta-de-coaching\\\/#breadcrumb\",\"itemListElement\":[{\"@type\":\"ListItem\",\"position\":1,\"name\":\"Startseite\",\"item\":\"https:\\\/\\\/www.rosaalen-mentalcoaching.ch\\\/es\\\/inicio\\\/\"},{\"@type\":\"ListItem\",\"position\":2,\"name\":\"Coaching-Angebot\"}]},{\"@type\":\"WebSite\",\"@id\":\"https:\\\/\\\/www.rosaalen-mentalcoaching.ch\\\/es\\\/#website\",\"url\":\"https:\\\/\\\/www.rosaalen-mentalcoaching.ch\\\/es\\\/\",\"name\":\"Rosa Alen Mental Coaching\",\"description\":\"\",\"publisher\":{\"@id\":\"https:\\\/\\\/www.rosaalen-mentalcoaching.ch\\\/es\\\/#organization\"},\"potentialAction\":[{\"@type\":\"SearchAction\",\"target\":{\"@type\":\"EntryPoint\",\"urlTemplate\":\"https:\\\/\\\/www.rosaalen-mentalcoaching.ch\\\/es\\\/?s={search_term_string}\"},\"query-input\":{\"@type\":\"PropertyValueSpecification\",\"valueRequired\":true,\"valueName\":\"search_term_string\"}}],\"inLanguage\":\"es\"},{\"@type\":\"Organization\",\"@id\":\"https:\\\/\\\/www.rosaalen-mentalcoaching.ch\\\/es\\\/#organization\",\"name\":\"Rosa Alen Mental Coaching\",\"url\":\"https:\\\/\\\/www.rosaalen-mentalcoaching.ch\\\/es\\\/\",\"logo\":{\"@type\":\"ImageObject\",\"inLanguage\":\"es\",\"@id\":\"https:\\\/\\\/www.rosaalen-mentalcoaching.ch\\\/es\\\/#\\\/schema\\\/logo\\\/image\\\/\",\"url\":\"https:\\\/\\\/www.rosaalen-mentalcoaching.ch\\\/wp-content\\\/uploads\\\/2025\\\/04\\\/Logo_quer-scaled.png\",\"contentUrl\":\"https:\\\/\\\/www.rosaalen-mentalcoaching.ch\\\/wp-content\\\/uploads\\\/2025\\\/04\\\/Logo_quer-scaled.png\",\"width\":2560,\"height\":733,\"caption\":\"Rosa Alen Mental Coaching\"},\"image\":{\"@id\":\"https:\\\/\\\/www.rosaalen-mentalcoaching.ch\\\/es\\\/#\\\/schema\\\/logo\\\/image\\\/\"}}]}<\/script>\n<!-- \/ Yoast SEO plugin. -->","yoast_head_json":{"title":"Oferta de coaching - Coaching mental y prevenci\u00f3n del estr\u00e9s","description":"Descubre nuestro programa de coaching: coaching mental, prevenci\u00f3n del agotamiento y gesti\u00f3n del estr\u00e9s. Para claridad, concentraci\u00f3n y nueva energ\u00eda.","robots":{"index":"index","follow":"follow","max-snippet":"max-snippet:-1","max-image-preview":"max-image-preview:large","max-video-preview":"max-video-preview:-1"},"canonical":"https:\/\/www.rosaalen-mentalcoaching.ch\/es\/oferta-de-coaching\/","og_locale":"es_ES","og_type":"article","og_title":"Oferta de coaching - Coaching mental y prevenci\u00f3n del estr\u00e9s","og_description":"Descubre nuestro programa de coaching: coaching mental, prevenci\u00f3n del agotamiento y gesti\u00f3n del estr\u00e9s. Para claridad, concentraci\u00f3n y nueva energ\u00eda.","og_url":"https:\/\/www.rosaalen-mentalcoaching.ch\/es\/oferta-de-coaching\/","og_site_name":"Rosa Alen Mental Coaching","article_modified_time":"2025-12-25T10:39:33+00:00","twitter_card":"summary_large_image","twitter_misc":{"Tiempo de lectura":"8 minutos"},"schema":{"@context":"https:\/\/schema.org","@graph":[{"@type":"WebPage","@id":"https:\/\/www.rosaalen-mentalcoaching.ch\/es\/oferta-de-coaching\/","url":"https:\/\/www.rosaalen-mentalcoaching.ch\/es\/oferta-de-coaching\/","name":"Oferta de coaching - Coaching mental y prevenci\u00f3n del estr\u00e9s","isPartOf":{"@id":"https:\/\/www.rosaalen-mentalcoaching.ch\/es\/#website"},"datePublished":"2025-04-28T15:48:04+00:00","dateModified":"2025-12-25T10:39:33+00:00","description":"Descubre nuestro programa de coaching: coaching mental, prevenci\u00f3n del agotamiento y gesti\u00f3n del estr\u00e9s. Para claridad, concentraci\u00f3n y nueva energ\u00eda.","breadcrumb":{"@id":"https:\/\/www.rosaalen-mentalcoaching.ch\/es\/oferta-de-coaching\/#breadcrumb"},"inLanguage":"es","potentialAction":[{"@type":"ReadAction","target":["https:\/\/www.rosaalen-mentalcoaching.ch\/es\/oferta-de-coaching\/"]}]},{"@type":"BreadcrumbList","@id":"https:\/\/www.rosaalen-mentalcoaching.ch\/es\/oferta-de-coaching\/#breadcrumb","itemListElement":[{"@type":"ListItem","position":1,"name":"Startseite","item":"https:\/\/www.rosaalen-mentalcoaching.ch\/es\/inicio\/"},{"@type":"ListItem","position":2,"name":"Coaching-Angebot"}]},{"@type":"WebSite","@id":"https:\/\/www.rosaalen-mentalcoaching.ch\/es\/#website","url":"https:\/\/www.rosaalen-mentalcoaching.ch\/es\/","name":"Rosa Alen Mental Coaching","description":"","publisher":{"@id":"https:\/\/www.rosaalen-mentalcoaching.ch\/es\/#organization"},"potentialAction":[{"@type":"SearchAction","target":{"@type":"EntryPoint","urlTemplate":"https:\/\/www.rosaalen-mentalcoaching.ch\/es\/?s={search_term_string}"},"query-input":{"@type":"PropertyValueSpecification","valueRequired":true,"valueName":"search_term_string"}}],"inLanguage":"es"},{"@type":"Organization","@id":"https:\/\/www.rosaalen-mentalcoaching.ch\/es\/#organization","name":"Rosa Alen Mental Coaching","url":"https:\/\/www.rosaalen-mentalcoaching.ch\/es\/","logo":{"@type":"ImageObject","inLanguage":"es","@id":"https:\/\/www.rosaalen-mentalcoaching.ch\/es\/#\/schema\/logo\/image\/","url":"https:\/\/www.rosaalen-mentalcoaching.ch\/wp-content\/uploads\/2025\/04\/Logo_quer-scaled.png","contentUrl":"https:\/\/www.rosaalen-mentalcoaching.ch\/wp-content\/uploads\/2025\/04\/Logo_quer-scaled.png","width":2560,"height":733,"caption":"Rosa Alen Mental Coaching"},"image":{"@id":"https:\/\/www.rosaalen-mentalcoaching.ch\/es\/#\/schema\/logo\/image\/"}}]}},"_links":{"self":[{"href":"https:\/\/www.rosaalen-mentalcoaching.ch\/es\/wp-json\/wp\/v2\/pages\/652","targetHints":{"allow":["GET"]}}],"collection":[{"href":"https:\/\/www.rosaalen-mentalcoaching.ch\/es\/wp-json\/wp\/v2\/pages"}],"about":[{"href":"https:\/\/www.rosaalen-mentalcoaching.ch\/es\/wp-json\/wp\/v2\/types\/page"}],"author":[{"embeddable":true,"href":"https:\/\/www.rosaalen-mentalcoaching.ch\/es\/wp-json\/wp\/v2\/users\/2"}],"replies":[{"embeddable":true,"href":"https:\/\/www.rosaalen-mentalcoaching.ch\/es\/wp-json\/wp\/v2\/comments?post=652"}],"version-history":[{"count":4,"href":"https:\/\/www.rosaalen-mentalcoaching.ch\/es\/wp-json\/wp\/v2\/pages\/652\/revisions"}],"predecessor-version":[{"id":785,"href":"https:\/\/www.rosaalen-mentalcoaching.ch\/es\/wp-json\/wp\/v2\/pages\/652\/revisions\/785"}],"wp:attachment":[{"href":"https:\/\/www.rosaalen-mentalcoaching.ch\/es\/wp-json\/wp\/v2\/media?parent=652"}],"curies":[{"name":"wp","href":"https:\/\/api.w.org\/{rel}","templated":true}]}}